{"id":28410,"date":"2020-01-07T11:33:38","date_gmt":"2020-01-07T16:33:38","guid":{"rendered":"https:\/\/sharief.wpengine.com\/acerca-de\/"},"modified":"2022-03-23T20:30:01","modified_gmt":"2022-03-23T20:30:01","slug":"acerca-de","status":"publish","type":"page","link":"https:\/\/shariefforflorida.mydevapps.com\/es\/acerca-de\/","title":{"rendered":"Acerca de:"},"content":{"rendered":"\t\t<div data-elementor-type=\"wp-page\" data-elementor-id=\"28410\" class=\"elementor elementor-28410 elementor-716\">\n\t\t\t\t\t\t<section class=\"elementor-section elementor-top-section elementor-element elementor-element-a791af9 elementor-section-boxed elementor-section-height-default elementor-section-height-default\" data-id=\"a791af9\" data-element_type=\"section\" data-e-type=\"section\" data-settings=\"{&quot;background_background&quot;:&quot;classic&quot;}\">\n\t\t\t\t\t\t\t<div class=\"elementor-background-overlay\"><\/div>\n\t\t\t\t\t\t\t<div class=\"elementor-container elementor-column-gap-default\">\n\t\t\t\t\t<div class=\"elementor-column elementor-col-50 elementor-top-column elementor-element elementor-element-89c4197\" data-id=\"89c4197\" data-element_type=\"column\" data-e-type=\"column\">\n\t\t\t<div class=\"elementor-widget-wrap elementor-element-populated\">\n\t\t\t\t\t\t<div class=\"elementor-element elementor-element-752578a elementor-widget elementor-widget-heading\" data-id=\"752578a\" data-element_type=\"widget\" data-e-type=\"widget\" data-widget_type=\"heading.default\">\n\t\t\t\t\t<h3 class=\"elementor-heading-title elementor-size-default\">Experiencia y liderazgo<\/h3>\t\t\t\t<\/div>\n\t\t\t\t<div class=\"elementor-element elementor-element-ace1370 elementor-widget elementor-widget-heading\" data-id=\"ace1370\" data-element_type=\"widget\" data-e-type=\"widget\" data-widget_type=\"heading.default\">\n\t\t\t\t\t<h1 class=\"elementor-heading-title elementor-size-default\">La historia de Barbara Sharief<\/h1>\t\t\t\t<\/div>\n\t\t\t\t\t<\/div>\n\t\t<\/div>\n\t\t\t\t<div class=\"elementor-column elementor-col-50 elementor-top-column elementor-element elementor-element-a301821\" data-id=\"a301821\" data-element_type=\"column\" data-e-type=\"column\">\n\t\t\t<div class=\"elementor-widget-wrap\">\n\t\t\t\t\t\t\t<\/div>\n\t\t<\/div>\n\t\t\t\t\t<\/div>\n\t\t<\/section>\n\t\t\t\t<section class=\"elementor-section elementor-top-section elementor-element elementor-element-4de3860 elementor-reverse-mobile elementor-section-boxed elementor-section-height-default elementor-section-height-default\" data-id=\"4de3860\" data-element_type=\"section\" data-e-type=\"section\" data-settings=\"{&quot;background_background&quot;:&quot;classic&quot;}\">\n\t\t\t\t\t\t\t<div class=\"elementor-background-overlay\"><\/div>\n\t\t\t\t\t\t\t<div class=\"elementor-container elementor-column-gap-default\">\n\t\t\t\t\t<div class=\"elementor-column elementor-col-50 elementor-top-column elementor-element elementor-element-9484510\" data-id=\"9484510\" data-element_type=\"column\" data-e-type=\"column\">\n\t\t\t<div class=\"elementor-widget-wrap elementor-element-populated\">\n\t\t\t\t\t\t<div class=\"elementor-element elementor-element-73ebd17 elementor-widget elementor-widget-image\" data-id=\"73ebd17\" data-element_type=\"widget\" data-e-type=\"widget\" data-widget_type=\"image.default\">\n\t\t\t\t\t\t\t\t\t\t\t\t\t\t\t<img fetchpriority=\"high\" decoding=\"async\" width=\"800\" height=\"534\" src=\"https:\/\/shariefforflorida.mydevapps.com\/wp-content\/uploads\/2021\/02\/awbs-awards-1024x683.jpg\" class=\"attachment-large size-large wp-image-28105\" alt=\"\" srcset=\"https:\/\/shariefforflorida.mydevapps.com\/wp-content\/uploads\/2021\/02\/awbs-awards-1024x683.jpg 1024w, https:\/\/shariefforflorida.mydevapps.com\/wp-content\/uploads\/2021\/02\/awbs-awards-300x200.jpg 300w, https:\/\/shariefforflorida.mydevapps.com\/wp-content\/uploads\/2021\/02\/awbs-awards-768x512.jpg 768w, https:\/\/shariefforflorida.mydevapps.com\/wp-content\/uploads\/2021\/02\/awbs-awards.jpg 1200w\" sizes=\"(max-width: 800px) 100vw, 800px\" \/>\t\t\t\t\t\t\t\t\t\t\t\t\t\t\t<\/div>\n\t\t\t\t<div class=\"elementor-element elementor-element-5aa0964 elementor-widget elementor-widget-heading\" data-id=\"5aa0964\" data-element_type=\"widget\" data-e-type=\"widget\" data-widget_type=\"heading.default\">\n\t\t\t\t\t<h2 class=\"elementor-heading-title elementor-size-default\">Premio a la mujer destacada de parte de March of Dimes for SFPH por su liderazgo y cuidado infantil\n<\/h2>\t\t\t\t<\/div>\n\t\t\t\t\t<\/div>\n\t\t<\/div>\n\t\t\t\t<div class=\"elementor-column elementor-col-50 elementor-top-column elementor-element elementor-element-5de571e\" data-id=\"5de571e\" data-element_type=\"column\" data-e-type=\"column\">\n\t\t\t<div class=\"elementor-widget-wrap elementor-element-populated\">\n\t\t\t\t\t\t<div class=\"elementor-element elementor-element-4489018 elementor-widget elementor-widget-heading\" data-id=\"4489018\" data-element_type=\"widget\" data-e-type=\"widget\" data-widget_type=\"heading.default\">\n\t\t\t\t\t<h2 class=\"elementor-heading-title elementor-size-default\">Experiencia profesional<\/h2>\t\t\t\t<\/div>\n\t\t\t\t<div class=\"elementor-element elementor-element-f74d673 elementor-widget-divider--view-line elementor-widget elementor-widget-divider\" data-id=\"f74d673\" data-element_type=\"widget\" data-e-type=\"widget\" data-widget_type=\"divider.default\">\n\t\t\t\t\t\t\t<div class=\"elementor-divider\">\n\t\t\t<span class=\"elementor-divider-separator\">\n\t\t\t\t\t\t<\/span>\n\t\t<\/div>\n\t\t\t\t\t\t<\/div>\n\t\t\t\t<div class=\"elementor-element elementor-element-c0fe4be elementor-widget elementor-widget-text-editor\" data-id=\"c0fe4be\" data-element_type=\"widget\" data-e-type=\"widget\" data-widget_type=\"text-editor.default\">\n\t\t\t\t\t\t\t\t\t<ul><li><span style=\"font-weight: 400;\">South Florida Pediatric Homecare, Inc., fundador y director ejecutivo, 2001-2021 (atenci\u00f3n pedi\u00e1trica y en el hogar para adultos)<\/span><\/li><\/ul>\t\t\t\t\t\t\t\t<\/div>\n\t\t\t\t\t<\/div>\n\t\t<\/div>\n\t\t\t\t\t<\/div>\n\t\t<\/section>\n\t\t\t\t<section class=\"elementor-section elementor-top-section elementor-element elementor-element-a763e78 elementor-section-boxed elementor-section-height-default elementor-section-height-default\" data-id=\"a763e78\" data-element_type=\"section\" data-e-type=\"section\" data-settings=\"{&quot;background_background&quot;:&quot;classic&quot;}\">\n\t\t\t\t\t\t\t<div class=\"elementor-background-overlay\"><\/div>\n\t\t\t\t\t\t\t<div class=\"elementor-container elementor-column-gap-default\">\n\t\t\t\t\t<div class=\"elementor-column elementor-col-50 elementor-top-column elementor-element elementor-element-c38befc\" data-id=\"c38befc\" data-element_type=\"column\" data-e-type=\"column\">\n\t\t\t<div class=\"elementor-widget-wrap elementor-element-populated\">\n\t\t\t\t\t\t<div class=\"elementor-element elementor-element-716555c elementor-widget elementor-widget-heading\" data-id=\"716555c\" data-element_type=\"widget\" data-e-type=\"widget\" data-widget_type=\"heading.default\">\n\t\t\t\t\t<h2 class=\"elementor-heading-title elementor-size-default\">Educaci\u00f3n<\/h2>\t\t\t\t<\/div>\n\t\t\t\t<div class=\"elementor-element elementor-element-dc6a83b elementor-widget-divider--view-line elementor-widget elementor-widget-divider\" data-id=\"dc6a83b\" data-element_type=\"widget\" data-e-type=\"widget\" data-widget_type=\"divider.default\">\n\t\t\t\t\t\t\t<div class=\"elementor-divider\">\n\t\t\t<span class=\"elementor-divider-separator\">\n\t\t\t\t\t\t<\/span>\n\t\t<\/div>\n\t\t\t\t\t\t<\/div>\n\t\t\t\t<div class=\"elementor-element elementor-element-36a325a elementor-widget elementor-widget-text-editor\" data-id=\"36a325a\" data-element_type=\"widget\" data-e-type=\"widget\" data-widget_type=\"text-editor.default\">\n\t\t\t\t\t\t\t\t\t<ul><li style=\"font-weight: 400;\"><span style=\"font-weight: 400;\">Doctor of Nursing Practice (DNP), Wilkes University, 2017<\/span><\/li><li style=\"font-weight: 400;\"><span style=\"font-weight: 400;\">Master of Science in Nursing (MSN), Florida International University, 2000<\/span><\/li><li style=\"font-weight: 400;\"><span style=\"font-weight: 400;\">Advanced Registered Nurse Practitioner (ARNP) Certification, Florida International University, 2000<\/span><\/li><li style=\"font-weight: 400;\"><span style=\"font-weight: 400;\">Bachelor of Science in Nursing (BSN), Florida International University, 1996<\/span><\/li><li style=\"font-weight: 400;\"><span style=\"font-weight: 400;\">Associate of Science Degree (AS), Nursing, Miami-Dade Community College, 1994<\/span><\/li><li style=\"font-weight: 400;\"><span style=\"font-weight: 400;\">Jackson Memorial Hospital School of Nursing, Graduate, 1992<\/span><\/li><li style=\"font-weight: 400;\"><span style=\"font-weight: 400;\">North Miami Senior High School, Graduate, 1989<\/span><\/li><\/ul>\t\t\t\t\t\t\t\t<\/div>\n\t\t\t\t\t<\/div>\n\t\t<\/div>\n\t\t\t\t<div class=\"elementor-column elementor-col-50 elementor-top-column elementor-element elementor-element-2f247fc\" data-id=\"2f247fc\" data-element_type=\"column\" data-e-type=\"column\">\n\t\t\t<div class=\"elementor-widget-wrap elementor-element-populated\">\n\t\t\t\t\t\t<div class=\"elementor-element elementor-element-08a83b0 elementor-widget elementor-widget-image\" data-id=\"08a83b0\" data-element_type=\"widget\" data-e-type=\"widget\" data-widget_type=\"image.default\">\n\t\t\t\t\t\t\t\t\t\t\t\t\t\t\t<img decoding=\"async\" width=\"800\" height=\"534\" src=\"https:\/\/shariefforflorida.mydevapps.com\/wp-content\/uploads\/2021\/02\/bs-about-education-2-1024x683.jpg\" class=\"attachment-large size-large wp-image-28097\" alt=\"\" srcset=\"https:\/\/shariefforflorida.mydevapps.com\/wp-content\/uploads\/2021\/02\/bs-about-education-2-1024x683.jpg 1024w, https:\/\/shariefforflorida.mydevapps.com\/wp-content\/uploads\/2021\/02\/bs-about-education-2-300x200.jpg 300w, https:\/\/shariefforflorida.mydevapps.com\/wp-content\/uploads\/2021\/02\/bs-about-education-2-768x512.jpg 768w, https:\/\/shariefforflorida.mydevapps.com\/wp-content\/uploads\/2021\/02\/bs-about-education-2.jpg 1200w\" sizes=\"(max-width: 800px) 100vw, 800px\" \/>\t\t\t\t\t\t\t\t\t\t\t\t\t\t\t<\/div>\n\t\t\t\t<div class=\"elementor-element elementor-element-c5eee09 elementor-widget elementor-widget-heading\" data-id=\"c5eee09\" data-element_type=\"widget\" data-e-type=\"widget\" data-widget_type=\"heading.default\">\n\t\t\t\t\t<h2 class=\"elementor-heading-title elementor-size-default\">La Dra. Barbara Sharief recibe su t\u00edtulo de doctora en pr\u00e1ctica de enfermer\u00eda (DNP, por sus siglas en ingl\u00e9s)<\/h2>\t\t\t\t<\/div>\n\t\t\t\t\t<\/div>\n\t\t<\/div>\n\t\t\t\t\t<\/div>\n\t\t<\/section>\n\t\t\t\t<section class=\"elementor-section elementor-top-section elementor-element elementor-element-6cf1713 elementor-section-boxed elementor-section-height-default elementor-section-height-default\" data-id=\"6cf1713\" data-element_type=\"section\" data-e-type=\"section\" data-settings=\"{&quot;background_background&quot;:&quot;classic&quot;}\">\n\t\t\t\t\t\t\t<div class=\"elementor-background-overlay\"><\/div>\n\t\t\t\t\t\t\t<div class=\"elementor-container elementor-column-gap-default\">\n\t\t\t\t\t<div class=\"elementor-column elementor-col-50 elementor-top-column elementor-element elementor-element-ff29b84\" data-id=\"ff29b84\" data-element_type=\"column\" data-e-type=\"column\">\n\t\t\t<div class=\"elementor-widget-wrap elementor-element-populated\">\n\t\t\t\t\t\t<div class=\"elementor-element elementor-element-c9d8b4b elementor-widget elementor-widget-image\" data-id=\"c9d8b4b\" data-element_type=\"widget\" data-e-type=\"widget\" data-widget_type=\"image.default\">\n\t\t\t\t\t\t\t\t\t\t\t\t\t\t\t<img decoding=\"async\" width=\"683\" height=\"1024\" src=\"https:\/\/shariefforflorida.mydevapps.com\/wp-content\/uploads\/2021\/03\/Swearing-In-March-18-2009-Miramar-683x1024.jpg\" class=\"attachment-large size-large wp-image-28113\" alt=\"\" srcset=\"https:\/\/shariefforflorida.mydevapps.com\/wp-content\/uploads\/2021\/03\/Swearing-In-March-18-2009-Miramar-683x1024.jpg 683w, https:\/\/shariefforflorida.mydevapps.com\/wp-content\/uploads\/2021\/03\/Swearing-In-March-18-2009-Miramar-200x300.jpg 200w, https:\/\/shariefforflorida.mydevapps.com\/wp-content\/uploads\/2021\/03\/Swearing-In-March-18-2009-Miramar-768x1152.jpg 768w, https:\/\/shariefforflorida.mydevapps.com\/wp-content\/uploads\/2021\/03\/Swearing-In-March-18-2009-Miramar-1024x1536.jpg 1024w, https:\/\/shariefforflorida.mydevapps.com\/wp-content\/uploads\/2021\/03\/Swearing-In-March-18-2009-Miramar-1365x2048.jpg 1365w, https:\/\/shariefforflorida.mydevapps.com\/wp-content\/uploads\/2021\/03\/Swearing-In-March-18-2009-Miramar-scaled.jpg 1707w\" sizes=\"(max-width: 683px) 100vw, 683px\" \/>\t\t\t\t\t\t\t\t\t\t\t\t\t\t\t<\/div>\n\t\t\t\t<div class=\"elementor-element elementor-element-313fd8c elementor-widget elementor-widget-heading\" data-id=\"313fd8c\" data-element_type=\"widget\" data-e-type=\"widget\" data-widget_type=\"heading.default\">\n\t\t\t\t\t<h2 class=\"elementor-heading-title elementor-size-default\">Barbara jura como comisionada de la ciudad de Miramar, 2009<\/h2>\t\t\t\t<\/div>\n\t\t\t\t\t<\/div>\n\t\t<\/div>\n\t\t\t\t<div class=\"elementor-column elementor-col-50 elementor-top-column elementor-element elementor-element-f99ed79\" data-id=\"f99ed79\" data-element_type=\"column\" data-e-type=\"column\">\n\t\t\t<div class=\"elementor-widget-wrap elementor-element-populated\">\n\t\t\t\t\t\t<div class=\"elementor-element elementor-element-6d442af elementor-widget elementor-widget-heading\" data-id=\"6d442af\" data-element_type=\"widget\" data-e-type=\"widget\" data-widget_type=\"heading.default\">\n\t\t\t\t\t<h2 class=\"elementor-heading-title elementor-size-default\">Servicio p\u00fablico<\/h2>\t\t\t\t<\/div>\n\t\t\t\t<div class=\"elementor-element elementor-element-61bddfb elementor-widget-divider--view-line elementor-widget elementor-widget-divider\" data-id=\"61bddfb\" data-element_type=\"widget\" data-e-type=\"widget\" data-widget_type=\"divider.default\">\n\t\t\t\t\t\t\t<div class=\"elementor-divider\">\n\t\t\t<span class=\"elementor-divider-separator\">\n\t\t\t\t\t\t<\/span>\n\t\t<\/div>\n\t\t\t\t\t\t<\/div>\n\t\t\t\t<div class=\"elementor-element elementor-element-2c1ea7f elementor-widget elementor-widget-text-editor\" data-id=\"2c1ea7f\" data-element_type=\"widget\" data-e-type=\"widget\" data-widget_type=\"text-editor.default\">\n\t\t\t\t\t\t\t\t\t<ul>\n \t<li style=\"font-weight: 400;\"><span style=\"font-weight: 400;\">Broward County Commissioner, 2010-2021; Mayor, 2013 and 2016; Vice Mayor, 2012 and 2015<\/span><\/li>\n \t<li style=\"font-weight: 400;\"><span style=\"font-weight: 400;\">Miramar City Commissioner, 2009-2010; Vice Mayor 2010<\/span><\/li>\n \t<li style=\"font-weight: 400;\"><span style=\"font-weight: 400;\">National Association of Counties (NACo), 2009-2021\n<\/span>\n<ul>\n \t<li style=\"font-weight: 400;\"><span style=\"font-weight: 400;\">Large Urban County Caucus, Member, 2010-2021<\/span><\/li>\n<\/ul>\n<ul>\n \t<li style=\"font-weight: 400;\"><span style=\"font-weight: 400;\">Health Steering Committee, 2017-2020<\/span><\/li>\n \t<li style=\"font-weight: 400;\"><span style=\"font-weight: 400;\">Membership Standing Committee, 2017-2018<\/span><span style=\"font-weight: 400;\">Medicaid and Indigent Care Subcommittee, Chair, 2016-2017<\/span><\/li>\n \t<li><span style=\"font-weight: 400;\">International Economic Development Task Force, 2016-2017<\/span><\/li>\n<\/ul>\n<\/li>\n<\/ul>\n<ul>\n \t<li style=\"font-weight: 400;\"><span style=\"font-weight: 400;\">Florida Association of Counties (FAC), Member, 2009-2021<\/span>\n<ul>\n \t<li style=\"font-weight: 400;\"><span style=\"font-weight: 400;\">Executive Committee, President, 2015; President-Elect 2014; 1<\/span><span style=\"font-weight: 400;\">st<\/span><span style=\"font-weight: 400;\"> Vice President 2014<\/span><\/li>\n \t<li style=\"font-weight: 400;\"><span style=\"font-weight: 400;\">Board of Directors, 2013-2021<\/span><\/li>\n \t<li><span style=\"font-weight: 400;\">Enterprise Committee, 2013-2014<\/span><\/li>\n \t<li><span style=\"font-weight: 400;\">Finance &amp; Audit Committee, 2014-2017<\/span><\/li>\n \t<li><span style=\"font-weight: 400;\">Legislative Executive Committee, 2013-2018; President-Elect 2016<\/span><\/li>\n \t<li><span style=\"font-weight: 400;\">Education Committee:<\/span><\/li>\n<\/ul>\n<\/li>\n<\/ul>\n<ul>\n \t<li style=\"list-style-type: none;\">\n<ul>\n \t<li style=\"list-style-type: none;\">\n<ul>\n \t<li style=\"font-weight: 400;\"><span style=\"font-weight: 400;\">ICG Board of Directors, 2019-2021<\/span><\/li>\n \t<li><span style=\"font-weight: 400;\">FCF Board of Directors, 2017-2019<\/span><\/li>\n \t<li><span style=\"font-weight: 400;\">Torchbearer, 2014-2018<\/span><\/li>\n \t<li><span style=\"font-weight: 400;\">Advanced County Commissioner Program (ACC) Alumni<\/span><\/li>\n \t<li><span style=\"font-weight: 400;\">Certified County Commissioner Program (CCC) Alumni<\/span><\/li>\n<\/ul>\n<\/li>\n<\/ul>\n<\/li>\n<\/ul>\n<ul>\n \t<li style=\"list-style-type: none;\">\n<ul>\n \t<li style=\"font-weight: 400;\"><span style=\"font-weight: 400;\">Comit\u00e9s de pol\u00edticas<\/span><\/li>\n<\/ul>\n<\/li>\n<\/ul>\n<ul>\n \t<li style=\"list-style-type: none;\">\n<ul>\n \t<li style=\"list-style-type: none;\">\n<ul>\n \t<li style=\"font-weight: 400;\"><span style=\"font-weight: 400;\">Federal Committee, 2017-2021<\/span><\/li>\n \t<li style=\"font-weight: 400;\"><span style=\"font-weight: 400;\">COVID-19 Ad Hoc Committee, 2020-2021<\/span><\/li>\n \t<li><span style=\"font-weight: 400;\">Urban Caucus 2018-2019<\/span><\/li>\n \t<li><span style=\"font-weight: 400;\">Constitution Revision Steering Committee, 2016-2017; Chair 2016<\/span><\/li>\n \t<li><span style=\"font-weight: 400;\">Health &amp; Human Services Committee, 2011-2013; Chair 2012; Vice-Chair, 2011<\/span><\/li>\n \t<li><span style=\"font-weight: 400;\">Health Steering Committee, 2017-2020; Vice-Chair 2017-2019; Long Term Care Subcommittee, Vice-Chair, 2019-2020<\/span><\/li>\n<\/ul>\n<\/li>\n<\/ul>\n<\/li>\n<\/ul>\n<ul>\n \t<li style=\"font-weight: 400;\"><span style=\"font-weight: 400;\">Broward County Metropolitan Planning Organization (MPO), Board Member, 2009-2021<\/span><\/li>\n \t<li style=\"font-weight: 400;\"><span style=\"font-weight: 400;\">Value Adjustment Board (VAB) of Broward County, Board Member, 2011-2021; Chair, 2016-2017 and 2019-2021<\/span><\/li>\n<\/ul>\t\t\t\t\t\t\t\t<\/div>\n\t\t\t\t\t<\/div>\n\t\t<\/div>\n\t\t\t\t\t<\/div>\n\t\t<\/section>\n\t\t\t\t<section class=\"elementor-section elementor-top-section elementor-element elementor-element-ebbd52a elementor-section-boxed elementor-section-height-default elementor-section-height-default\" data-id=\"ebbd52a\" data-element_type=\"section\" data-e-type=\"section\" data-settings=\"{&quot;background_background&quot;:&quot;classic&quot;}\">\n\t\t\t\t\t\t\t<div class=\"elementor-background-overlay\"><\/div>\n\t\t\t\t\t\t\t<div class=\"elementor-container elementor-column-gap-default\">\n\t\t\t\t\t<div class=\"elementor-column elementor-col-50 elementor-top-column elementor-element elementor-element-2c5340c\" data-id=\"2c5340c\" data-element_type=\"column\" data-e-type=\"column\">\n\t\t\t<div class=\"elementor-widget-wrap elementor-element-populated\">\n\t\t\t\t\t\t<div class=\"elementor-element elementor-element-697d3de elementor-widget elementor-widget-heading\" data-id=\"697d3de\" data-element_type=\"widget\" data-e-type=\"widget\" data-widget_type=\"heading.default\">\n\t\t\t\t\t<h2 class=\"elementor-heading-title elementor-size-default\">Servicios comunitarios actuales y pasados<\/h2>\t\t\t\t<\/div>\n\t\t\t\t<div class=\"elementor-element elementor-element-909a986 elementor-widget-divider--view-line elementor-widget elementor-widget-divider\" data-id=\"909a986\" data-element_type=\"widget\" data-e-type=\"widget\" data-widget_type=\"divider.default\">\n\t\t\t\t\t\t\t<div class=\"elementor-divider\">\n\t\t\t<span class=\"elementor-divider-separator\">\n\t\t\t\t\t\t<\/span>\n\t\t<\/div>\n\t\t\t\t\t\t<\/div>\n\t\t\t\t<div class=\"elementor-element elementor-element-6bed486 elementor-widget elementor-widget-text-editor\" data-id=\"6bed486\" data-element_type=\"widget\" data-e-type=\"widget\" data-widget_type=\"text-editor.default\">\n\t\t\t\t\t\t\t\t\t<ul><li><span style=\"font-weight: 400;\">Miramar-Pembroke Pines Chamber of Commerce, Member; Government Affairs Committee, Member<\/span><\/li><li><span style=\"font-weight: 400;\">Minority Women Business Enterprises<\/span><\/li><li><span style=\"font-weight: 400;\">Urban League of Broward County<\/span><\/li><li><span style=\"font-weight: 400;\">Homeless Initiative Partnership, Board Member<\/span><\/li><li><span style=\"font-weight: 400;\">National Democratic County Officials (NDCO), Member<\/span><\/li><li><span style=\"font-weight: 400;\">Caribbean American Democratic Club, Member<\/span><\/li><li><span style=\"font-weight: 400;\">Parent-Teacher Association (PTA), Member<\/span><\/li><li><span style=\"font-weight: 400;\">Alpha Kappa Alpha Sorority, Incorporated<\/span><\/li><li><span style=\"font-weight: 400;\">Fort Lauderdale (FL) Chapter of The Links, Incorporated<\/span><\/li><\/ul>\t\t\t\t\t\t\t\t<\/div>\n\t\t\t\t\t<\/div>\n\t\t<\/div>\n\t\t\t\t<div class=\"elementor-column elementor-col-50 elementor-top-column elementor-element elementor-element-b547a1e\" data-id=\"b547a1e\" data-element_type=\"column\" data-e-type=\"column\">\n\t\t\t<div class=\"elementor-widget-wrap elementor-element-populated\">\n\t\t\t\t\t\t<div class=\"elementor-element elementor-element-f8f5254 elementor-widget elementor-widget-image\" data-id=\"f8f5254\" data-element_type=\"widget\" data-e-type=\"widget\" data-widget_type=\"image.default\">\n\t\t\t\t\t\t\t\t\t\t\t\t\t\t\t<img loading=\"lazy\" decoding=\"async\" width=\"800\" height=\"534\" src=\"https:\/\/shariefforflorida.mydevapps.com\/wp-content\/uploads\/2021\/02\/community-service-1-1024x683.jpg\" class=\"attachment-large size-large wp-image-28098\" alt=\"\" srcset=\"https:\/\/shariefforflorida.mydevapps.com\/wp-content\/uploads\/2021\/02\/community-service-1-1024x683.jpg 1024w, https:\/\/shariefforflorida.mydevapps.com\/wp-content\/uploads\/2021\/02\/community-service-1-300x200.jpg 300w, https:\/\/shariefforflorida.mydevapps.com\/wp-content\/uploads\/2021\/02\/community-service-1-768x512.jpg 768w, https:\/\/shariefforflorida.mydevapps.com\/wp-content\/uploads\/2021\/02\/community-service-1.jpg 1200w\" sizes=\"(max-width: 800px) 100vw, 800px\" \/>\t\t\t\t\t\t\t\t\t\t\t\t\t\t\t<\/div>\n\t\t\t\t\t<\/div>\n\t\t<\/div>\n\t\t\t\t\t<\/div>\n\t\t<\/section>\n\t\t\t\t<section class=\"elementor-section elementor-top-section elementor-element elementor-element-b777626 elementor-section-boxed elementor-section-height-default elementor-section-height-default\" data-id=\"b777626\" data-element_type=\"section\" data-e-type=\"section\" data-settings=\"{&quot;background_background&quot;:&quot;classic&quot;}\">\n\t\t\t\t\t\t\t<div class=\"elementor-background-overlay\"><\/div>\n\t\t\t\t\t\t\t<div class=\"elementor-container elementor-column-gap-default\">\n\t\t\t\t\t<div class=\"elementor-column elementor-col-50 elementor-top-column elementor-element elementor-element-d361b5f\" data-id=\"d361b5f\" data-element_type=\"column\" data-e-type=\"column\">\n\t\t\t<div class=\"elementor-widget-wrap elementor-element-populated\">\n\t\t\t\t\t\t<div class=\"elementor-element elementor-element-daf9290 elementor-widget elementor-widget-image\" data-id=\"daf9290\" data-element_type=\"widget\" data-e-type=\"widget\" data-widget_type=\"image.default\">\n\t\t\t\t\t\t\t\t\t\t\t\t\t\t\t<img loading=\"lazy\" decoding=\"async\" width=\"800\" height=\"600\" src=\"https:\/\/shariefforflorida.mydevapps.com\/wp-content\/uploads\/2021\/03\/Inspirations-for-Youth-and-Families-Teen-Rehab-Award-14.jpg\" class=\"attachment-large size-large wp-image-28112\" alt=\"\" srcset=\"https:\/\/shariefforflorida.mydevapps.com\/wp-content\/uploads\/2021\/03\/Inspirations-for-Youth-and-Families-Teen-Rehab-Award-14.jpg 960w, https:\/\/shariefforflorida.mydevapps.com\/wp-content\/uploads\/2021\/03\/Inspirations-for-Youth-and-Families-Teen-Rehab-Award-14-300x225.jpg 300w, https:\/\/shariefforflorida.mydevapps.com\/wp-content\/uploads\/2021\/03\/Inspirations-for-Youth-and-Families-Teen-Rehab-Award-14-768x576.jpg 768w\" sizes=\"(max-width: 800px) 100vw, 800px\" \/>\t\t\t\t\t\t\t\t\t\t\t\t\t\t\t<\/div>\n\t\t\t\t<div class=\"elementor-element elementor-element-78e59b8 elementor-widget elementor-widget-heading\" data-id=\"78e59b8\" data-element_type=\"widget\" data-e-type=\"widget\" data-widget_type=\"heading.default\">\n\t\t\t\t\t<h2 class=\"elementor-heading-title elementor-size-default\">Premio de rehabilitaci\u00f3n para adolescentes de Inspirations for Youth and Families en el partido de los Dolphins<\/h2>\t\t\t\t<\/div>\n\t\t\t\t\t<\/div>\n\t\t<\/div>\n\t\t\t\t<div class=\"elementor-column elementor-col-50 elementor-top-column elementor-element elementor-element-545b814\" data-id=\"545b814\" data-element_type=\"column\" data-e-type=\"column\">\n\t\t\t<div class=\"elementor-widget-wrap elementor-element-populated\">\n\t\t\t\t\t\t<div class=\"elementor-element elementor-element-2c2525d elementor-widget elementor-widget-heading\" data-id=\"2c2525d\" data-element_type=\"widget\" data-e-type=\"widget\" data-widget_type=\"heading.default\">\n\t\t\t\t\t<h2 class=\"elementor-heading-title elementor-size-default\">Premios<\/h2>\t\t\t\t<\/div>\n\t\t\t\t<div class=\"elementor-element elementor-element-118ea58 elementor-widget-divider--view-line elementor-widget elementor-widget-divider\" data-id=\"118ea58\" data-element_type=\"widget\" data-e-type=\"widget\" data-widget_type=\"divider.default\">\n\t\t\t\t\t\t\t<div class=\"elementor-divider\">\n\t\t\t<span class=\"elementor-divider-separator\">\n\t\t\t\t\t\t<\/span>\n\t\t<\/div>\n\t\t\t\t\t\t<\/div>\n\t\t\t\t<div class=\"elementor-element elementor-element-83c66dc elementor-widget elementor-widget-text-editor\" data-id=\"83c66dc\" data-element_type=\"widget\" data-e-type=\"widget\" data-widget_type=\"text-editor.default\">\n\t\t\t\t\t\t\t\t\t<ul><li><span style=\"font-weight: 400;\">Broward Women Making History Award, 2020<\/span><\/li><li><span style=\"font-weight: 400;\">Florida Association of Counties, Presidential Award, 2018 and 2017<\/span><\/li><li><span style=\"font-weight: 400;\">United Nations Association of the USA, Global Partnership Award, 2018<\/span><\/li><li><span style=\"font-weight: 400;\">March of Dimes Woman of Distinction Award, 2017<\/span><\/li><li><span style=\"font-weight: 400;\">Small County Coalition, Outstanding Leader Award, 2016<\/span><\/li><li><span style=\"font-weight: 400;\">Davie Community Worship Center, Inc. Distinguished Recognition Award, 2014<\/span><\/li><li><span style=\"font-weight: 400;\">African American Achievers Business &amp; Entrepreneurism Honoree, 2014<\/span><\/li><li><span style=\"font-weight: 400;\">Legacy Honors: Most Powerful Black Professionals in Business &amp; Industry, 2014<\/span><\/li><li><span style=\"font-weight: 400;\">Florida Association of Counties, Presidential Advocacy Award, 2013<\/span><\/li><li><span style=\"font-weight: 400;\">Broward County Business &amp; Professional Women\u2019s Network Professional Award, 2013<br><\/span><\/li><li><span style=\"font-weight: 400;\">Inspirations for Youth and Families Teen Rehab Award, 2013<\/span><\/li><\/ul>\t\t\t\t\t\t\t\t<\/div>\n\t\t\t\t\t<\/div>\n\t\t<\/div>\n\t\t\t\t\t<\/div>\n\t\t<\/section>\n\t\t\t\t<section class=\"elementor-section elementor-top-section elementor-element elementor-element-c87a445 elementor-section-boxed elementor-section-height-default elementor-section-height-default\" data-id=\"c87a445\" data-element_type=\"section\" data-e-type=\"section\" data-settings=\"{&quot;background_background&quot;:&quot;classic&quot;}\">\n\t\t\t\t\t\t\t<div class=\"elementor-background-overlay\"><\/div>\n\t\t\t\t\t\t\t<div class=\"elementor-container elementor-column-gap-default\">\n\t\t\t\t\t<div class=\"elementor-column elementor-col-50 elementor-top-column elementor-element elementor-element-8e3bd9f\" data-id=\"8e3bd9f\" data-element_type=\"column\" data-e-type=\"column\">\n\t\t\t<div class=\"elementor-widget-wrap elementor-element-populated\">\n\t\t\t\t\t\t<div class=\"elementor-element elementor-element-6daff85 elementor-widget elementor-widget-image\" data-id=\"6daff85\" data-element_type=\"widget\" data-e-type=\"widget\" data-widget_type=\"image.default\">\n\t\t\t\t\t\t\t\t\t\t\t\t\t\t\t<img loading=\"lazy\" decoding=\"async\" width=\"800\" height=\"534\" src=\"https:\/\/shariefforflorida.mydevapps.com\/wp-content\/uploads\/2021\/02\/personal-1-1024x683.jpg\" class=\"attachment-large size-large wp-image-28099\" alt=\"\" srcset=\"https:\/\/shariefforflorida.mydevapps.com\/wp-content\/uploads\/2021\/02\/personal-1-1024x683.jpg 1024w, https:\/\/shariefforflorida.mydevapps.com\/wp-content\/uploads\/2021\/02\/personal-1-300x200.jpg 300w, https:\/\/shariefforflorida.mydevapps.com\/wp-content\/uploads\/2021\/02\/personal-1-768x512.jpg 768w, https:\/\/shariefforflorida.mydevapps.com\/wp-content\/uploads\/2021\/02\/personal-1.jpg 1200w\" sizes=\"(max-width: 800px) 100vw, 800px\" \/>\t\t\t\t\t\t\t\t\t\t\t\t\t\t\t<\/div>\n\t\t\t\t<div class=\"elementor-element elementor-element-ae5988c elementor-widget elementor-widget-heading\" data-id=\"ae5988c\" data-element_type=\"widget\" data-e-type=\"widget\" data-widget_type=\"heading.default\">\n\t\t\t\t\t<h2 class=\"elementor-heading-title elementor-size-default\">Barbara Sharief jura por su segundo mandato como alcalde, 2016\n<\/h2>\t\t\t\t<\/div>\n\t\t\t\t<div class=\"elementor-element elementor-element-219fe1d elementor-widget elementor-widget-image\" data-id=\"219fe1d\" data-element_type=\"widget\" data-e-type=\"widget\" data-widget_type=\"image.default\">\n\t\t\t\t\t\t\t\t\t\t\t\t\t\t\t<img loading=\"lazy\" decoding=\"async\" width=\"800\" height=\"600\" src=\"https:\/\/shariefforflorida.mydevapps.com\/wp-content\/uploads\/2021\/03\/Barbara-Sharief-Advocates-for-PILT-with-NACo.jpg\" class=\"attachment-large size-large wp-image-28114\" alt=\"\" srcset=\"https:\/\/shariefforflorida.mydevapps.com\/wp-content\/uploads\/2021\/03\/Barbara-Sharief-Advocates-for-PILT-with-NACo.jpg 1024w, https:\/\/shariefforflorida.mydevapps.com\/wp-content\/uploads\/2021\/03\/Barbara-Sharief-Advocates-for-PILT-with-NACo-300x225.jpg 300w, https:\/\/shariefforflorida.mydevapps.com\/wp-content\/uploads\/2021\/03\/Barbara-Sharief-Advocates-for-PILT-with-NACo-768x576.jpg 768w\" sizes=\"(max-width: 800px) 100vw, 800px\" \/>\t\t\t\t\t\t\t\t\t\t\t\t\t\t\t<\/div>\n\t\t\t\t<div class=\"elementor-element elementor-element-9303b85 elementor-widget elementor-widget-heading\" data-id=\"9303b85\" data-element_type=\"widget\" data-e-type=\"widget\" data-widget_type=\"heading.default\">\n\t\t\t\t\t<h2 class=\"elementor-heading-title elementor-size-default\">Barbara aboga por el PILT con la Asociaci\u00f3n Nacional de Condados<\/h2>\t\t\t\t<\/div>\n\t\t\t\t\t<\/div>\n\t\t<\/div>\n\t\t\t\t<div class=\"elementor-column elementor-col-50 elementor-top-column elementor-element elementor-element-8e24ccd\" data-id=\"8e24ccd\" data-element_type=\"column\" data-e-type=\"column\">\n\t\t\t<div class=\"elementor-widget-wrap elementor-element-populated\">\n\t\t\t\t\t\t<div class=\"elementor-element elementor-element-557c7c5 elementor-widget elementor-widget-heading\" data-id=\"557c7c5\" data-element_type=\"widget\" data-e-type=\"widget\" data-widget_type=\"heading.default\">\n\t\t\t\t\t<h2 class=\"elementor-heading-title elementor-size-default\">Datos personales<\/h2>\t\t\t\t<\/div>\n\t\t\t\t<div class=\"elementor-element elementor-element-0104006 elementor-widget-divider--view-line elementor-widget elementor-widget-divider\" data-id=\"0104006\" data-element_type=\"widget\" data-e-type=\"widget\" data-widget_type=\"divider.default\">\n\t\t\t\t\t\t\t<div class=\"elementor-divider\">\n\t\t\t<span class=\"elementor-divider-separator\">\n\t\t\t\t\t\t<\/span>\n\t\t<\/div>\n\t\t\t\t\t\t<\/div>\n\t\t\t\t<div class=\"elementor-element elementor-element-911a97a elementor-widget elementor-widget-text-editor\" data-id=\"911a97a\" data-element_type=\"widget\" data-e-type=\"widget\" data-widget_type=\"text-editor.default\">\n\t\t\t\t\t\t\t\t\t<ul><li style=\"font-weight: 400;\"><span style=\"font-weight: 400;\">Nacida en Miami Beach, Florida<\/span><\/li><li style=\"font-weight: 400;\"><span style=\"font-weight: 400;\">Tres hijas: Amanda, Alyssa y Hailey<\/span><\/li><li style=\"font-weight: 400;\"><span style=\"font-weight: 400;\">49 a\u00f1os<\/span><\/li><\/ul><p><b>Algunos de los logros de Barbara incluyen:<\/b><\/p><ul><li style=\"font-weight: 400;\"><span style=\"font-weight: 400;\">Finalizaci\u00f3n del paso elevado de Pembroke Road a la salida de Miramar Parkway y Pines Boulevard<\/span><\/li><li style=\"font-weight: 400;\"><span style=\"font-weight: 400;\">Luch\u00f3 por el I-95 Express Bus de Miramar a Miami<\/span><\/li><li style=\"font-weight: 400;\"><span style=\"font-weight: 400;\">Encabez\u00f3 la iniciativa \u00abBroward Means Business\u00bb para aumentar el n\u00famero de peque\u00f1as empresas<\/span><\/li><li style=\"font-weight: 400;\"><span style=\"font-weight: 400;\">Encabez\u00f3 la serie de seminarios gratuitos sobre pr\u00e9stamos comerciales para educar a los posibles propietarios de peque\u00f1as empresas sobre los programas de pr\u00e9stamos estatales que benefician a las peque\u00f1as empresas<\/span><\/li><li style=\"font-weight: 400;\"><span style=\"font-weight: 400;\">Obtuvo $3 millones en fondos para completar el Parque Natural Miramar Pineland.<\/span><\/li><li style=\"font-weight: 400;\"><span style=\"font-weight: 400;\">Trabaj\u00f3 en el sistema regional consolidado de despacho E911 para tiempos de respuesta de emergencia m\u00e1s r\u00e1pidos<\/span><\/li><li style=\"font-weight: 400;\"><span style=\"font-weight: 400;\">Impidi\u00f3 que las compa\u00f1\u00edas de c\u00e1maras de luz roja utilizaran la infraestructura del condado para emitir multas a los residentes<\/span><\/li><li style=\"font-weight: 400;\"><span style=\"font-weight: 400;\">Us\u00f3 su experiencia en el cuidado de la salud para ahorrarles a los contribuyentes $33 millones en mandatos no financiados<\/span><\/li><\/ul>\t\t\t\t\t\t\t\t<\/div>\n\t\t\t\t<div class=\"elementor-element elementor-element-df25042 elementor-widget elementor-widget-text-editor\" data-id=\"df25042\" data-element_type=\"widget\" data-e-type=\"widget\" data-widget_type=\"text-editor.default\">\n\t\t\t\t\t\t\t\t\t<p><b>Como comisionada del condado, Barbara se centr\u00f3 en numerosas cuestiones, entre ellas: <\/b><\/p><ul><li style=\"font-weight: 400;\"><span style=\"font-weight: 400;\">Reducir la problem\u00e1tica de las personas sin techo<\/span><\/li><li style=\"font-weight: 400;\"><span style=\"font-weight: 400;\">Prevenci\u00f3n de ejecuciones hipotecarias<\/span><\/li><li style=\"font-weight: 400;\"><span style=\"font-weight: 400;\">Asistencia para peque\u00f1as empresas<\/span><\/li><li style=\"font-weight: 400;\"><span style=\"font-weight: 400;\">Revitalizaci\u00f3n de vecindarios<\/span><\/li><li style=\"font-weight: 400;\"><span style=\"font-weight: 400;\">Turismo<\/span><\/li><li style=\"font-weight: 400;\"><span style=\"font-weight: 400;\">Abogar por una atenci\u00f3n m\u00e9dica asequible<\/span><\/li><li style=\"font-weight: 400;\"><span style=\"font-weight: 400;\">Abogar por el agua potable limpia<\/span><\/li><li style=\"font-weight: 400;\"><span style=\"font-weight: 400;\">Abogar por los veteranos<\/span><\/li><\/ul>\t\t\t\t\t\t\t\t<\/div>\n\t\t\t\t\t<\/div>\n\t\t<\/div>\n\t\t\t\t\t<\/div>\n\t\t<\/section>\n\t\t\t\t<section class=\"elementor-section elementor-top-section elementor-element elementor-element-ec73e44 elementor-section-height-min-height elementor-hidden-desktop elementor-hidden-tablet elementor-hidden-mobile elementor-section-boxed elementor-section-height-default elementor-section-items-middle\" data-id=\"ec73e44\" data-element_type=\"section\" data-e-type=\"section\" data-settings=\"{&quot;background_background&quot;:&quot;classic&quot;}\">\n\t\t\t\t\t\t\t<div class=\"elementor-background-overlay\"><\/div>\n\t\t\t\t\t\t\t<div class=\"elementor-container elementor-column-gap-default\">\n\t\t\t\t\t<div class=\"elementor-column elementor-col-50 elementor-top-column elementor-element elementor-element-2faed5b6\" data-id=\"2faed5b6\" data-element_type=\"column\" data-e-type=\"column\">\n\t\t\t<div class=\"elementor-widget-wrap elementor-element-populated\">\n\t\t\t\t\t\t<div class=\"elementor-element elementor-element-48821d33 elementor-widget elementor-widget-video\" data-id=\"48821d33\" data-element_type=\"widget\" data-e-type=\"widget\" data-settings=\"{&quot;youtube_url&quot;:&quot;https:\\\/\\\/youtu.be\\\/X2zhwwY7Zpo&quot;,&quot;video_type&quot;:&quot;youtube&quot;,&quot;controls&quot;:&quot;yes&quot;}\" data-widget_type=\"video.default\">\n\t\t\t\t\t\t\t<div class=\"elementor-wrapper elementor-open-inline\">\n\t\t\t<div class=\"elementor-video\"><\/div>\t\t<\/div>\n\t\t\t\t\t\t<\/div>\n\t\t\t\t\t<\/div>\n\t\t<\/div>\n\t\t\t\t<div class=\"elementor-column elementor-col-50 elementor-top-column elementor-element elementor-element-2a46b50f\" data-id=\"2a46b50f\" data-element_type=\"column\" data-e-type=\"column\">\n\t\t\t<div class=\"elementor-widget-wrap elementor-element-populated\">\n\t\t\t\t\t\t<div class=\"elementor-element elementor-element-46ff43e elementor-widget elementor-widget-heading\" data-id=\"46ff43e\" data-element_type=\"widget\" data-e-type=\"widget\" data-widget_type=\"heading.default\">\n\t\t\t\t\t<h2 class=\"elementor-heading-title elementor-size-default\">John Lewis' Legacy<\/h2>\t\t\t\t<\/div>\n\t\t\t\t<div class=\"elementor-element elementor-element-1d260ea elementor-widget-divider--view-line elementor-widget elementor-widget-divider\" data-id=\"1d260ea\" data-element_type=\"widget\" data-e-type=\"widget\" data-widget_type=\"divider.default\">\n\t\t\t\t\t\t\t<div class=\"elementor-divider\">\n\t\t\t<span class=\"elementor-divider-separator\">\n\t\t\t\t\t\t<\/span>\n\t\t<\/div>\n\t\t\t\t\t\t<\/div>\n\t\t\t\t<div class=\"elementor-element elementor-element-185687e elementor-widget elementor-widget-text-editor\" data-id=\"185687e\" data-element_type=\"widget\" data-e-type=\"widget\" data-widget_type=\"text-editor.default\">\n\t\t\t\t\t\t\t\t\tI feel empowered and encouraged to continue John Lewis&#8217; legacy and take up the good work. I was honored to be a part of the celebration of his life. Watch this brief video. \t\t\t\t\t\t\t\t<\/div>\n\t\t\t\t\t<\/div>\n\t\t<\/div>\n\t\t\t\t\t<\/div>\n\t\t<\/section>\n\t\t\t\t<\/div>\n\t\t","protected":false},"excerpt":{"rendered":"<p>Experiencia y liderazgo La historia de Barbara Sharief Premio a la mujer destacada de parte de March of Dimes for SFPH por su liderazgo y cuidado infantil Experiencia profesional South Florida Pediatric Homecare, Inc., fundador y director ejecutivo, 2001-2021 (atenci\u00f3n pedi\u00e1trica y en el hogar para adultos) Educaci\u00f3n Doctor of Nursing Practice (DNP), Wilkes University, [&hellip;]<\/p>\n","protected":false},"author":13,"featured_media":0,"parent":0,"menu_order":0,"comment_status":"closed","ping_status":"closed","template":"elementor_header_footer","meta":{"footnotes":""},"class_list":["post-28410","page","type-page","status-publish","hentry"],"yoast_head":"<!-- This site is optimized with the Yoast SEO plugin v27.5 - https:\/\/yoast.com\/product\/yoast-seo-wordpress\/ -->\n<title>Acerca de: - Barbara Sharief<\/title>\n<meta name=\"robots\" content=\"index, follow, max-snippet:-1, max-image-preview:large, max-video-preview:-1\" \/>\n<link rel=\"canonical\" href=\"https:\/\/shariefforflorida.mydevapps.com\/about\/\" \/>\n<meta property=\"og:locale\" content=\"es_ES\" \/>\n<meta property=\"og:type\" content=\"article\" \/>\n<meta property=\"og:title\" content=\"Acerca de: - Barbara Sharief\" \/>\n<meta property=\"og:description\" content=\"Experiencia y liderazgo La historia de Barbara Sharief Premio a la mujer destacada de parte de March of Dimes for SFPH por su liderazgo y cuidado infantil Experiencia profesional South Florida Pediatric Homecare, Inc., fundador y director ejecutivo, 2001-2021 (atenci\u00f3n pedi\u00e1trica y en el hogar para adultos) Educaci\u00f3n Doctor of Nursing Practice (DNP), Wilkes University, [&hellip;]\" \/>\n<meta property=\"og:url\" content=\"https:\/\/shariefforflorida.mydevapps.com\/about\/\" \/>\n<meta property=\"og:site_name\" content=\"Barbara Sharief\" \/>\n<meta property=\"article:modified_time\" content=\"2022-03-23T20:30:01+00:00\" \/>\n<meta property=\"og:image\" content=\"https:\/\/shariefforflorida.mydevapps.com\/wp-content\/uploads\/2021\/02\/awbs-awards-1024x683.jpg\" \/>\n<meta name=\"twitter:card\" content=\"summary_large_image\" \/>\n<meta name=\"twitter:label1\" content=\"Tiempo de lectura\" \/>\n\t<meta name=\"twitter:data1\" content=\"4 minutos\" \/>\n<script type=\"application\/ld+json\" class=\"yoast-schema-graph\">{\"@context\":\"https:\\\/\\\/schema.org\",\"@graph\":[{\"@type\":\"WebPage\",\"@id\":\"https:\\\/\\\/shariefforflorida.mydevapps.com\\\/about\\\/\",\"url\":\"https:\\\/\\\/shariefforflorida.mydevapps.com\\\/about\\\/\",\"name\":\"Acerca de: - Barbara Sharief\",\"isPartOf\":{\"@id\":\"https:\\\/\\\/shariefforflorida.mydevapps.com\\\/#website\"},\"primaryImageOfPage\":{\"@id\":\"https:\\\/\\\/shariefforflorida.mydevapps.com\\\/about\\\/#primaryimage\"},\"image\":{\"@id\":\"https:\\\/\\\/shariefforflorida.mydevapps.com\\\/about\\\/#primaryimage\"},\"thumbnailUrl\":\"https:\\\/\\\/shariefforflorida.mydevapps.com\\\/wp-content\\\/uploads\\\/2021\\\/02\\\/awbs-awards-1024x683.jpg\",\"datePublished\":\"2020-01-07T16:33:38+00:00\",\"dateModified\":\"2022-03-23T20:30:01+00:00\",\"breadcrumb\":{\"@id\":\"https:\\\/\\\/shariefforflorida.mydevapps.com\\\/about\\\/#breadcrumb\"},\"inLanguage\":\"es\",\"potentialAction\":[{\"@type\":\"ReadAction\",\"target\":[\"https:\\\/\\\/shariefforflorida.mydevapps.com\\\/about\\\/\"]}]},{\"@type\":\"ImageObject\",\"inLanguage\":\"es\",\"@id\":\"https:\\\/\\\/shariefforflorida.mydevapps.com\\\/about\\\/#primaryimage\",\"url\":\"https:\\\/\\\/shariefforflorida.mydevapps.com\\\/wp-content\\\/uploads\\\/2021\\\/02\\\/awbs-awards-1024x683.jpg\",\"contentUrl\":\"https:\\\/\\\/shariefforflorida.mydevapps.com\\\/wp-content\\\/uploads\\\/2021\\\/02\\\/awbs-awards-1024x683.jpg\"},{\"@type\":\"BreadcrumbList\",\"@id\":\"https:\\\/\\\/shariefforflorida.mydevapps.com\\\/about\\\/#breadcrumb\",\"itemListElement\":[{\"@type\":\"ListItem\",\"position\":1,\"name\":\"Home\",\"item\":\"https:\\\/\\\/shariefforflorida.mydevapps.com\\\/\"},{\"@type\":\"ListItem\",\"position\":2,\"name\":\"Acerca de:\"}]},{\"@type\":\"WebSite\",\"@id\":\"https:\\\/\\\/shariefforflorida.mydevapps.com\\\/#website\",\"url\":\"https:\\\/\\\/shariefforflorida.mydevapps.com\\\/\",\"name\":\"Barbara Sharief\",\"description\":\"\",\"potentialAction\":[{\"@type\":\"SearchAction\",\"target\":{\"@type\":\"EntryPoint\",\"urlTemplate\":\"https:\\\/\\\/shariefforflorida.mydevapps.com\\\/?s={search_term_string}\"},\"query-input\":{\"@type\":\"PropertyValueSpecification\",\"valueRequired\":true,\"valueName\":\"search_term_string\"}}],\"inLanguage\":\"es\"}]}<\/script>\n<!-- \/ Yoast SEO plugin. -->","yoast_head_json":{"title":"Acerca de: - Barbara Sharief","robots":{"index":"index","follow":"follow","max-snippet":"max-snippet:-1","max-image-preview":"max-image-preview:large","max-video-preview":"max-video-preview:-1"},"canonical":"https:\/\/shariefforflorida.mydevapps.com\/about\/","og_locale":"es_ES","og_type":"article","og_title":"Acerca de: - Barbara Sharief","og_description":"Experiencia y liderazgo La historia de Barbara Sharief Premio a la mujer destacada de parte de March of Dimes for SFPH por su liderazgo y cuidado infantil Experiencia profesional South Florida Pediatric Homecare, Inc., fundador y director ejecutivo, 2001-2021 (atenci\u00f3n pedi\u00e1trica y en el hogar para adultos) Educaci\u00f3n Doctor of Nursing Practice (DNP), Wilkes University, [&hellip;]","og_url":"https:\/\/shariefforflorida.mydevapps.com\/about\/","og_site_name":"Barbara Sharief","article_modified_time":"2022-03-23T20:30:01+00:00","og_image":[{"url":"https:\/\/shariefforflorida.mydevapps.com\/wp-content\/uploads\/2021\/02\/awbs-awards-1024x683.jpg","type":"","width":"","height":""}],"twitter_card":"summary_large_image","twitter_misc":{"Tiempo de lectura":"4 minutos"},"schema":{"@context":"https:\/\/schema.org","@graph":[{"@type":"WebPage","@id":"https:\/\/shariefforflorida.mydevapps.com\/about\/","url":"https:\/\/shariefforflorida.mydevapps.com\/about\/","name":"Acerca de: - Barbara Sharief","isPartOf":{"@id":"https:\/\/shariefforflorida.mydevapps.com\/#website"},"primaryImageOfPage":{"@id":"https:\/\/shariefforflorida.mydevapps.com\/about\/#primaryimage"},"image":{"@id":"https:\/\/shariefforflorida.mydevapps.com\/about\/#primaryimage"},"thumbnailUrl":"https:\/\/shariefforflorida.mydevapps.com\/wp-content\/uploads\/2021\/02\/awbs-awards-1024x683.jpg","datePublished":"2020-01-07T16:33:38+00:00","dateModified":"2022-03-23T20:30:01+00:00","breadcrumb":{"@id":"https:\/\/shariefforflorida.mydevapps.com\/about\/#breadcrumb"},"inLanguage":"es","potentialAction":[{"@type":"ReadAction","target":["https:\/\/shariefforflorida.mydevapps.com\/about\/"]}]},{"@type":"ImageObject","inLanguage":"es","@id":"https:\/\/shariefforflorida.mydevapps.com\/about\/#primaryimage","url":"https:\/\/shariefforflorida.mydevapps.com\/wp-content\/uploads\/2021\/02\/awbs-awards-1024x683.jpg","contentUrl":"https:\/\/shariefforflorida.mydevapps.com\/wp-content\/uploads\/2021\/02\/awbs-awards-1024x683.jpg"},{"@type":"BreadcrumbList","@id":"https:\/\/shariefforflorida.mydevapps.com\/about\/#breadcrumb","itemListElement":[{"@type":"ListItem","position":1,"name":"Home","item":"https:\/\/shariefforflorida.mydevapps.com\/"},{"@type":"ListItem","position":2,"name":"Acerca de:"}]},{"@type":"WebSite","@id":"https:\/\/shariefforflorida.mydevapps.com\/#website","url":"https:\/\/shariefforflorida.mydevapps.com\/","name":"Barbara Sharief","description":"","potentialAction":[{"@type":"SearchAction","target":{"@type":"EntryPoint","urlTemplate":"https:\/\/shariefforflorida.mydevapps.com\/?s={search_term_string}"},"query-input":{"@type":"PropertyValueSpecification","valueRequired":true,"valueName":"search_term_string"}}],"inLanguage":"es"}]}},"_links":{"self":[{"href":"https:\/\/shariefforflorida.mydevapps.com\/es\/wp-json\/wp\/v2\/pages\/28410","targetHints":{"allow":["GET"]}}],"collection":[{"href":"https:\/\/shariefforflorida.mydevapps.com\/es\/wp-json\/wp\/v2\/pages"}],"about":[{"href":"https:\/\/shariefforflorida.mydevapps.com\/es\/wp-json\/wp\/v2\/types\/page"}],"author":[{"embeddable":true,"href":"https:\/\/shariefforflorida.mydevapps.com\/es\/wp-json\/wp\/v2\/users\/13"}],"replies":[{"embeddable":true,"href":"https:\/\/shariefforflorida.mydevapps.com\/es\/wp-json\/wp\/v2\/comments?post=28410"}],"version-history":[{"count":0,"href":"https:\/\/shariefforflorida.mydevapps.com\/es\/wp-json\/wp\/v2\/pages\/28410\/revisions"}],"wp:attachment":[{"href":"https:\/\/shariefforflorida.mydevapps.com\/es\/wp-json\/wp\/v2\/media?parent=28410"}],"curies":[{"name":"wp","href":"https:\/\/api.w.org\/{rel}","templated":true}]}}